{"id":4449,"date":"2021-06-04T09:00:20","date_gmt":"2021-06-04T08:00:20","guid":{"rendered":"https:\/\/susananavaridas.es\/?page_id=4449"},"modified":"2021-06-04T11:37:04","modified_gmt":"2021-06-04T10:37:04","slug":"women-can","status":"publish","type":"page","link":"https:\/\/susananavaridas.es\/?page_id=4449","title":{"rendered":"Yes Women Can"},"content":{"rendered":"\t\t<div data-elementor-type=\"wp-page\" data-elementor-id=\"4449\" class=\"elementor elementor-4449\">\n\t\t\t\t\t\t<section class=\"elementor-section elementor-top-section elementor-element elementor-element-10031230 elementor-section-boxed elementor-section-height-default elementor-section-height-default\" data-id=\"10031230\" data-element_type=\"section\">\n\t\t\t\t\t\t<div class=\"elementor-container elementor-column-gap-default\">\n\t\t\t\t\t<div class=\"elementor-column elementor-col-100 elementor-top-column elementor-element elementor-element-29389fda\" data-id=\"29389fda\" data-element_type=\"column\">\n\t\t\t<div class=\"elementor-widget-wrap elementor-element-populated\">\n\t\t\t\t\t\t<div class=\"elementor-element elementor-element-479fe0a3 elementor-widget elementor-widget-text-editor\" data-id=\"479fe0a3\" data-element_type=\"widget\" data-widget_type=\"text-editor.default\">\n\t\t\t\t<div class=\"elementor-widget-container\">\n\t\t\t\t\t\t\t\t\t<p>La Unidad de Igualdad de la UGR organiza esta exposici\u00f3n (a nivel interuniversitario) en el contexto de las actividades de sensibilizaci\u00f3n y formaci\u00f3n del Vicerrectorado de Igualdad, Inclusi\u00f3n y Sostenibilidad, con el fin de mostrar el esfuerzo de las mujeres por acabar con la discriminaci\u00f3n entre g\u00e9neros.<\/p><p>Adem\u00e1s de gnererar un calendario con las fotos seleccionadas, se realiza una exposici\u00f3n itinerarnte por las universidades Espa\u00f1olas.<\/p>\t\t\t\t\t\t\t\t<\/div>\n\t\t\t\t<\/div>\n\t\t\t\t\t<\/div>\n\t\t<\/div>\n\t\t\t\t\t<\/div>\n\t\t<\/section>\n\t\t\t\t<section class=\"elementor-section elementor-top-section elementor-element elementor-element-55be649a elementor-section-full_width elementor-section-content-middle elementor-section-height-default elementor-section-height-default\" data-id=\"55be649a\" data-element_type=\"section\">\n\t\t\t\t\t\t<div class=\"elementor-container elementor-column-gap-no\">\n\t\t\t\t\t<div class=\"elementor-column elementor-col-50 elementor-top-column elementor-element elementor-element-4602f8c9\" data-id=\"4602f8c9\" data-element_type=\"column\">\n\t\t\t<div class=\"elementor-widget-wrap elementor-element-populated\">\n\t\t\t\t\t\t<div class=\"elementor-element elementor-element-635679a elementor-widget elementor-widget-text-editor\" data-id=\"635679a\" data-element_type=\"widget\" data-widget_type=\"text-editor.default\">\n\t\t\t\t<div class=\"elementor-widget-container\">\n\t\t\t\t\t\t\t\t\t<p style=\"text-align: center;\"><strong>ENERA 2019 &#8211; FIRMEZA<\/strong><\/p><p class=\"entry-title text-thin\">La UGR estrena la exposici\u00f3n virtual <a href=\"https:\/\/canal.ugr.es\/noticia\/la-ugr-estrena-la-exposicion-virtual-yes-women-can\/\"><span style=\"text-decoration: underline;\">\u201cYES WOMEN CAN\u201d<\/span><\/a>. Puedes verla <a href=\"https:\/\/view.genial.ly\/6007e19e61bf7d0d23e6ef7f\/presentation-yes-women-can\"><span style=\"text-decoration: underline;\">aqui<\/span><\/a><\/p><p>\u00a0<\/p><p>Se hizo eco en las siguientes publicaciones:<\/p><ul><li><span style=\"text-decoration: underline;\"><a href=\"https:\/\/www.ideal.es\/miugr\/calendaria-2019-vision-20181218114040-nt.html?fbclid=IwAR1RfLUnBjQIJrVAGDFM4ObXnq3RWFQzhTUpdZh8fuFu45K0PoVM_DyhhdU\">Diario Ideal.es<\/a><\/span><\/li><li><a href=\"https:\/\/www.unirioja.es\/apnoticias\/servlet\/Noticias?codnot=5900&amp;accion=detnot&amp;fbclid=IwAR2n0eqMTqIqZh0dILuCPQOlxPGh4h96_7kW3Y8kHwpZG2J_N0IaQn9gMEU\"><span style=\"text-decoration: underline;\">Universidad La Rioja<\/span><\/a><\/li><li><a href=\"https:\/\/estrategiaygenero.com\/2018\/12\/18\/la-nina-sin-miedo-foto-premiada-en-el-iii-concurso-de-fotografia-yes-women-can\/\"><span style=\"text-decoration: underline;\">Estrategia y g\u00e9nero<\/span><\/a><\/li><\/ul>\t\t\t\t\t\t\t\t<\/div>\n\t\t\t\t<\/div>\n\t\t\t\t\t<\/div>\n\t\t<\/div>\n\t\t\t\t<div class=\"elementor-column elementor-col-50 elementor-top-column elementor-element elementor-element-68fcbdc4\" data-id=\"68fcbdc4\" data-element_type=\"column\">\n\t\t\t<div class=\"elementor-widget-wrap elementor-element-populated\">\n\t\t\t\t\t\t<div class=\"elementor-element elementor-element-3c4fba41 elementor-widget elementor-widget-image\" data-id=\"3c4fba41\" data-element_type=\"widget\" data-widget_type=\"image.default\">\n\t\t\t\t<div class=\"elementor-widget-container\">\n\t\t\t\t\t\t\t\t\t\t\t\t\t\t\t<img decoding=\"async\" src=\"https:\/\/susananavaridas.es\/wp-content\/uploads\/MG_5181.jpg\" title=\"MG_5181\" alt=\"MG_5181\" loading=\"lazy\" \/>\t\t\t\t\t\t\t\t\t\t\t\t\t\t\t<\/div>\n\t\t\t\t<\/div>\n\t\t\t\t\t<\/div>\n\t\t<\/div>\n\t\t\t\t\t<\/div>\n\t\t<\/section>\n\t\t\t\t<\/div>\n\t\t","protected":false},"excerpt":{"rendered":"<p>La Unidad de Igualdad de la UGR organiza esta exposici\u00f3n (a nivel interuniversitario) en el contexto de las actividades de sensibilizaci\u00f3n y formaci\u00f3n del Vicerrectorado de Igualdad, Inclusi\u00f3n y Sostenibilidad, con el fin de mostrar el esfuerzo de las mujeres por acabar con la discriminaci\u00f3n entre g\u00e9neros. Adem\u00e1s de gnererar un calendario con las fotos &#8230; <a title=\"Yes Women Can\" class=\"read-more\" href=\"https:\/\/susananavaridas.es\/?page_id=4449\">Read more<span class=\"screen-reader-text\">Yes Women Can<\/span><\/a><\/p>\n","protected":false},"author":2,"featured_media":0,"parent":0,"menu_order":0,"comment_status":"closed","ping_status":"closed","template":"","meta":{"_monsterinsights_skip_tracking":false,"_monsterinsights_sitenote_active":false,"_monsterinsights_sitenote_note":"","_monsterinsights_sitenote_category":0,"footnotes":""},"class_list":["post-4449","page","type-page","status-publish"],"aioseo_notices":[],"_links":{"self":[{"href":"https:\/\/susananavaridas.es\/index.php?rest_route=\/wp\/v2\/pages\/4449","targetHints":{"allow":["GET"]}}],"collection":[{"href":"https:\/\/susananavaridas.es\/index.php?rest_route=\/wp\/v2\/pages"}],"about":[{"href":"https:\/\/susananavaridas.es\/index.php?rest_route=\/wp\/v2\/types\/page"}],"author":[{"embeddable":true,"href":"https:\/\/susananavaridas.es\/index.php?rest_route=\/wp\/v2\/users\/2"}],"replies":[{"embeddable":true,"href":"https:\/\/susananavaridas.es\/index.php?rest_route=%2Fwp%2Fv2%2Fcomments&post=4449"}],"version-history":[{"count":35,"href":"https:\/\/susananavaridas.es\/index.php?rest_route=\/wp\/v2\/pages\/4449\/revisions"}],"predecessor-version":[{"id":4517,"href":"https:\/\/susananavaridas.es\/index.php?rest_route=\/wp\/v2\/pages\/4449\/revisions\/4517"}],"wp:attachment":[{"href":"https:\/\/susananavaridas.es\/index.php?rest_route=%2Fwp%2Fv2%2Fmedia&parent=4449"}],"curies":[{"name":"wp","href":"https:\/\/api.w.org\/{rel}","templated":true}]}}